{"version":"1.0","provider_name":"Nyuggerl\u00e1jf","provider_url":"https:\/\/remete.cafeblog.hu","author_name":"Remet","author_url":"https:\/\/remete.cafeblog.hu\/author\/remeteno\/","title":"Kiwi z\u00f6ld (r\u00e9m)\u00e1lom","html":"<p>Nem tudom, mikor jutott eszembe, hogy z\u00f6ld konyh\u00e1t szeretn\u00e9k, de egy ideje m\u00e1r \u00e9rlel\u0151d\u00f6tt az elhat\u00e1roz\u00e1s.\u00a0 Mi\u00f3ta csak saj\u00e1t konyh\u00e1m van, az mindig feh\u00e9r volt.\u00a0 Akkoriban nem igaz\u00e1n tudtam, hogy mi\u00e9rt, de ragaszkodtam a feh\u00e9rhez.\u00a0 Meg \u00fagy egy\u00e9bk\u00e9nt is, mindig \u00fagy tartottam, hogy egy lak\u00e1snak legyenek visszafogott sz\u00ednei, amihez minden passzol.\u00a0 \u00dagy gondolom, a hars\u00e1ny sz\u00edneket gyorsan meg lehet unni,\u00a0 azt\u00e1n mit kezd az ember egy er\u0151s hupilila lak\u00e1ssal?\u00a0 A fest\u00e9s nem annyi, mint egy porsz\u00edv\u00f3z\u00e1s, az \u00e1ra meg m\u00e9g \u00fagy sem.\u00a0 M\u00e9g akkor is zsebbe ny\u00fal\u00f3s, ha magunk vessz\u00fck k\u00e9zbe a dolgot.<\/p>\r\n<p>Sz\u00f3val, legyen z\u00f6ld konyha?<\/p>\r\n<p>Eszembe jutottak gyerekkorom konyh\u00e1i.\u00a0 Akkoriban minden\u00fctt z\u00f6ld volt.\u00a0 Esetleg k\u00e9k.\u00a0 N\u00e1lunk p\u00e9ld\u00e1ul felv\u00e1ltva.\u00a0 Sok helyen nyomaszt\u00f3 hengermint\u00e1val, mert akkoriban az volt a divat.\u00a0 K\u00e9s\u0151bb a hengert felv\u00e1ltott\u00e1k az \u00f6ssze vissza dob\u00e1lt cs\u00edkok, h\u00e1romsz\u00f6gek, meg egy\u00e9b geometrikus mint\u00e1k, mert akkor meg az lett a divat.\u00a0 De a k\u00e9k meg a z\u00f6ld\u00a0 maradt.\u00a0 Tal\u00e1n ez hagyott bennem olyan m\u00e9ly nyomot, hogy\u00a0 a saj\u00e1t konyh\u00e1mb\u00f3l sz\u00e1m\u0171ztem minden sz\u00ednt \u00e9s csics\u00e1t.\u00a0 Feh\u00e9r, \u00e9s k\u00e9sz!<\/p>\r\n<p>Azt\u00e1n sz\u00e9p lassan birizg\u00e1lni kezdett a kis\u00f6rd\u00f6g, mi lenne ha....\u00a0 Lehet, hogy valamelyik filmben l\u00e1ttam mesesz\u00e9p z\u00f6ld konyh\u00e1t, lehet, hogy a Pinteresten, ki tudja m\u00e1r, de kigondoltam, hogy m\u00e1rpedig itt fest\u00e9s lesz, m\u00e9gpedig z\u00f6ldre.<\/p>\r\n<p>Eddig is mi magunk festett\u00fcnk, a fiammal ketten, most \u00fagy gondoltam, majd \u00e9n megcsin\u00e1lom egyed\u00fcl.\u00a0 Elv\u00e9gre nyugd\u00edjas vagyok, r\u00e1\u00e9rek.\u00a0 Egy teljes h\u00e9tig, mert most \u00e9ppen nem dolgozom, de am\u00fagy meg igen.<\/p>\r\n<p>Megvettem a fest\u00e9ket, H\u00e9r\u00e1t, Kiwi z\u00f6ldet.\u00a0 Eddig \u00e1ltal\u00e1ban feh\u00e9ret haszn\u00e1ltunk, kev\u00e9s sz\u00ednez\u0151vel, hogy sz\u00e9p halv\u00e1ny legyen, \u00e9ppen csak leheletnyi, ami m\u00e9g nem b\u00e1nt\u00f3.\u00a0<br \/>L\u00e1ttam \u00e9n, hogy ennek\u00a0itt j\u00f3 er\u0151s sz\u00edne van, de gondoltam, egy kis v\u00edz majd enyh\u00edt rajta.\u00a0 Kikavartam, hozz\u00e1fogtam, sokkot kaptam.\u00a0 Maszatoltam, cs\u00edkos lett, foltos lett, el\u0151 a m\u00e1sik hengerrel, azzal se jobb,\u00a0 az ecset se j\u00f3, semmi se j\u00f3.\u00a0 Volt egy \u00fcveg v\u00f6r\u00f6sborom a h\u0171t\u0151ben, felbontottam, na az j\u00f3 volt, de a falam m\u00e9g mindig b\u0171n ronda, \u00e9s a s\u00edr\u00e1s is ker\u00fclgetett, \u00e9s m\u00e9g fest\u0151 ismer\u0151s\u00f6m sincs, akit felh\u00edvhattam volna.\u00a0 \u00c1ll\u00edt\u00f3lag a v\u00f6r\u00f6s bor j\u00f3t tesz az agym\u0171k\u00f6d\u00e9snek, h\u00e1t, lehet hogy van benne valami, mert eszembe jutott, hogy el kellene olvasni a doboz oldal\u00e1n a haszn\u00e1lati utas\u00edt\u00e1st.\u00a0 Ja, hogy ezt nem lehet \u00e9sz n\u00e9lk\u00fcl vizezni?\u00a0 Bakker, de h\u00e1t akkor meg olyans\u0171r\u0171 marad, hogy ez m\u00e1r nem is fest\u00e9s, hanem tapaszt\u00e1s.\u00a0 Na mindegy, akkor ess\u00fcnk neki m\u00e9g egyszer!<\/p>\r\n<p>M\u00e1sodik nekifut\u00e1sra m\u00e1r eg\u00e9sz j\u00f3 lett, mondhatni t\u00f6k\u00e9letes.\u00a0 M\u00e1r \u00fagy hozz\u00e1m k\u00e9pest.\u00a0 \u00c9s csak a fest\u00e9s, mert az \u00f6sszk\u00e9p valahogy nem tetszett.\u00a0 Mindegy, v\u00e9geztem, megcsin\u00e1ltam, olyan, amilyen, egy \u00e9vig itt biztos , hogy nem\u00a0lesz m\u00e9g egy fest\u00e9s.\u00a0 \u00a0Hozz\u00e1fogtam takar\u00edtani, \u00e9s akkor bevillant, hogy van a t\u00e1rol\u00f3ban marad\u00e9k feh\u00e9r fest\u00e9kem, ak\u00e1r \u00f6ssze is keverhettem volna, akkor\u00a0 kapok egy halv\u00e1nyabb sz\u00ednt.<\/p>\r\n<p><a href=\"https:\/\/remete.cafeblog.hu\/files\/2018\/06\/H\u00e9ra.jpg\"><img class=\"alignleft size-large wp-image-361\" src=\"https:\/\/remete.cafeblog.hu\/files\/2018\/06\/H\u00e9ra-600x193.jpg\" alt=\"\" width=\"600\" height=\"193\" \/><\/a><\/p>\r\n<p>&nbsp;<\/p>\r\n<p>&nbsp;<\/p>\r\n<p>&nbsp;<\/p>\r\n<p>&nbsp;<\/p>\r\n<p>Sz\u00f3val, most val\u00f3ra v\u00e1lt az \u00e1lmom, van egy z\u00f6ld konyh\u00e1m, az\u00e9rt n\u00e9ha elgondolkodom rajta, hogy lesz ebb\u0151l \u00fajra feh\u00e9r?\u00a0 De ez m\u00e1r legyen egy szobafest\u0151 gondja, mert \u00e9n m\u00e9g egyszer hozz\u00e1 nem ny\u00falok, az biztos!\u00a0<\/p>\r\n<p>&nbsp;<\/p>\r\n<p>&nbsp;<\/p>\r\n<p>&nbsp;<\/p>\r\n<p><a href=\"https:\/\/remete.cafeblog.hu\/files\/2018\/06\/h\u00e9ratap\u00e9ta.jpg\"><img class=\"size-large wp-image-362 aligncenter\" src=\"https:\/\/remete.cafeblog.hu\/files\/2018\/06\/h\u00e9ratap\u00e9ta-600x412.jpg\" alt=\"\" width=\"600\" height=\"412\" \/><\/a><\/p>","type":"rich"}