{"version":"1.0","provider_name":"Nyuggerl\u00e1jf","provider_url":"https:\/\/remete.cafeblog.hu","author_name":"Remet","author_url":"https:\/\/remete.cafeblog.hu\/author\/remeteno\/","title":"Az id\u00e9n is volt ny\u00e1r","html":"Igaz\u00e1b\u00f3l most sincs t\u00e9l, de m\u00e9gis csak decembert \u00edrunk m\u00e9g p\u00e1r \u00f3r\u00e1ig.\u00a0 Sokan tartanak ilyenkor \u00e9v\u00e9rt\u00e9kel\u00e9st, \u00e9n a ny\u00e1ron k\u00e9sz\u00fclt k\u00e9peimet n\u00e9zegettem d\u00e9lut\u00e1n.\u00a0 Ny\u00e1rbef\u0151tteknek h\u00edvom \u0151ket, mert elteszek egy pici darabot a ny\u00e1rb\u00f3l,\u00a0 \u00e9s ilyenkor, amikor minden sz\u00fcrke \u00e9s kop\u00e1r, j\u00f3 n\u00e9zegetni egy kis z\u00f6ldet.\r\n\r\n[caption id=\"attachment_75\" align=\"aligncenter\" width=\"300\"]<a href=\"https:\/\/remete.cafeblog.hu\/files\/2013\/12\/z\u00f6ld3.jpg\"><img class=\"size-medium wp-image-75 \" alt=\"\" src=\"https:\/\/remete.cafeblog.hu\/files\/2013\/12\/z\u00f6ld3-300x225.jpg\" width=\"300\" height=\"225\" \/><\/a> sok sok z\u00f6ld \u00e9s v\u00edz[\/caption]\r\n\r\n&nbsp;\r\n\r\n[caption id=\"attachment_76\" align=\"aligncenter\" width=\"300\"]<a href=\"https:\/\/remete.cafeblog.hu\/files\/2013\/12\/vadkacs\u00e1k.jpg\"><img class=\"size-medium wp-image-76\" alt=\"\" src=\"https:\/\/remete.cafeblog.hu\/files\/2013\/12\/vadkacs\u00e1k-300x225.jpg\" width=\"300\" height=\"225\" \/><\/a> m\u00e1jus,kacsacsib\u00e9k, eg\u00e9sz nap el tudn\u00e1m n\u00e9zegetni \u0151ket[\/caption]\r\n\r\n&nbsp;\r\n\r\n[caption id=\"attachment_77\" align=\"aligncenter\" width=\"300\"]<a href=\"https:\/\/remete.cafeblog.hu\/files\/2013\/12\/cs\u00f3nak.jpg\"><img class=\"size-medium wp-image-77 \" alt=\"\" src=\"https:\/\/remete.cafeblog.hu\/files\/2013\/12\/cs\u00f3nak-300x225.jpg\" width=\"300\" height=\"225\" \/><\/a> kutyas\u00e9t\u00e1ltat\u00e1s k\u00f6zben volt olyan, hogy be\u00fcltem egy \u00fcres cs\u00f3nakba, \u00e9s n\u00e9ztem a vizet[\/caption]\r\n\r\n&nbsp;\r\n\r\n[caption id=\"attachment_78\" align=\"aligncenter\" width=\"300\"]<a href=\"https:\/\/remete.cafeblog.hu\/files\/2013\/12\/sziv\u00e1rv\u00e1ny.jpg\"><img class=\"size-medium wp-image-78\" alt=\"\" src=\"https:\/\/remete.cafeblog.hu\/files\/2013\/12\/sziv\u00e1rv\u00e1ny-300x225.jpg\" width=\"300\" height=\"225\" \/><\/a> n\u00e9ha ki sem kell mozdulni otthonr\u00f3l a csod\u00e1k\u00e9rt[\/caption]\r\n\r\n&nbsp;\r\n\r\n[caption id=\"attachment_79\" align=\"aligncenter\" width=\"300\"]<a href=\"https:\/\/remete.cafeblog.hu\/files\/2013\/12\/cirmos_cica.jpg\"><img class=\"size-medium wp-image-79\" alt=\"\" src=\"https:\/\/remete.cafeblog.hu\/files\/2013\/12\/cirmos_cica-300x200.jpg\" width=\"300\" height=\"200\" \/><\/a> a szomsz\u00e9d\u00e9k macsk\u00e1ja \u00e9ppen madarakra vad\u00e1szott, \u00e9n meg egy j\u00f3 kis fot\u00f3t\u00e9m\u00e1ra[\/caption]\r\n\r\n&nbsp;\r\n\r\n[caption id=\"attachment_80\" align=\"aligncenter\" width=\"300\"]<a href=\"https:\/\/remete.cafeblog.hu\/files\/2013\/12\/P1060480.jpg\"><img class=\"size-medium wp-image-80\" alt=\"\" src=\"https:\/\/remete.cafeblog.hu\/files\/2013\/12\/P1060480-300x225.jpg\" width=\"300\" height=\"225\" \/><\/a> lef\u00e9nyk\u00e9peztem, mert tetszik[\/caption]\r\n\r\n&nbsp;\r\n\r\n[caption id=\"attachment_81\" align=\"aligncenter\" width=\"300\"]<a href=\"https:\/\/remete.cafeblog.hu\/files\/2013\/12\/g\u00f3ly\u00e1k.jpg\"><img class=\"size-medium wp-image-81\" alt=\"\" src=\"https:\/\/remete.cafeblog.hu\/files\/2013\/12\/g\u00f3ly\u00e1k-300x252.jpg\" width=\"300\" height=\"252\" \/><\/a> m\u00e1r \u0151k is messze j\u00e1rnak[\/caption]\r\n\r\n&nbsp;\r\n\r\n[caption id=\"attachment_82\" align=\"aligncenter\" width=\"300\"]<a href=\"https:\/\/remete.cafeblog.hu\/files\/2013\/12\/K\u0151r\u00f6storok.jpg\"><img class=\"size-medium wp-image-82\" alt=\"\" src=\"https:\/\/remete.cafeblog.hu\/files\/2013\/12\/K\u0151r\u00f6storok-300x225.jpg\" width=\"300\" height=\"225\" \/><\/a> az id\u00e9n is volt k\u00e1nikula[\/caption]\r\n\r\n&nbsp;\r\n\r\n[caption id=\"attachment_83\" align=\"aligncenter\" width=\"300\"]<a href=\"https:\/\/remete.cafeblog.hu\/files\/2013\/12\/K\u0151r\u00f6storok2.jpg\"><img class=\"size-medium wp-image-83\" alt=\"\" src=\"https:\/\/remete.cafeblog.hu\/files\/2013\/12\/K\u0151r\u00f6storok2-300x225.jpg\" width=\"300\" height=\"225\" \/><\/a> K\u0151r\u00f6s-torok[\/caption]\r\n\r\n&nbsp;\r\n\r\n&nbsp;","type":"rich"}